{"id":13533,"date":"2021-12-11T09:12:55","date_gmt":"2021-12-11T09:12:55","guid":{"rendered":"https:\/\/kolser.com\/producto\/punal-granadino\/"},"modified":"2025-07-25T09:36:55","modified_gmt":"2025-07-25T07:36:55","slug":"punal-granadino","status":"publish","type":"product","link":"https:\/\/kolser.com\/fr\/producto\/punal-granadino\/","title":{"rendered":"DAGUE GRANADINE"},"content":{"rendered":"<p>24 cm<\/p>","protected":false},"excerpt":{"rendered":"<p>Splendide r\u00e9plique de dague granadine, id\u00e9ale pour enrichir toute collection m\u00e9di\u00e9vale. Kolser s\u2019inspire de l\u2019art hispano-arabe avec une garde ferm\u00e9e orn\u00e9e qui entoure la lame. Dans la goutti\u00e8re, de fines gravures apportent contraste et \u00e9l\u00e9gance. La poign\u00e9e est enti\u00e8rement sculpt\u00e9e, de la garde au pommeau, avec des motifs de style nasride. Fabriqu\u00e9e enti\u00e8rement en m\u00e9tal, cette dague mesure 24 centim\u00e8tres.<\/p>","protected":false},"featured_media":14459,"comment_status":"closed","ping_status":"closed","template":"","meta":[],"product_brand":[],"product_cat":[33],"product_tag":[],"coleccion":[],"proposito":[],"class_list":{"0":"post-13533","1":"product","2":"type-product","3":"status-publish","4":"has-post-thumbnail","6":"product_cat-dagas-y-punales","8":"first","9":"instock","10":"shipping-taxable","11":"purchasable","12":"product-type-simple"},"yoast_head":"<!-- This site is optimized with the Yoast SEO plugin v27.4 - https:\/\/yoast.com\/product\/yoast-seo-wordpress\/ -->\n<title>\u25b7PU\u00d1AL GRANADINO - Kolser<\/title>\n<meta name=\"description\" content=\"\u2705 R\u00e9plica\u3010 PU\u00d1AL GRANADINO \u3011Evoca de cerca el damasquinado granadino representando guarda cerrada que abraza la hora. 24 cm largo.\" \/>\n<meta name=\"robots\" content=\"index, follow, max-snippet:-1, max-image-preview:large, max-video-preview:-1\" \/>\n<link rel=\"canonical\" href=\"https:\/\/kolser.com\/fr\/produit\/punal-granadino\/\" \/>\n<meta property=\"og:locale\" content=\"fr_FR\" \/>\n<meta property=\"og:type\" content=\"article\" \/>\n<meta property=\"og:title\" content=\"\u25b7PU\u00d1AL GRANADINO - Kolser\" \/>\n<meta property=\"og:description\" content=\"\u2705 R\u00e9plica\u3010 PU\u00d1AL GRANADINO \u3011Evoca de cerca el damasquinado granadino representando guarda cerrada que abraza la hora. 24 cm largo.\" \/>\n<meta property=\"og:url\" content=\"https:\/\/kolser.com\/fr\/produit\/punal-granadino\/\" \/>\n<meta property=\"og:site_name\" content=\"Kolser\" \/>\n<meta property=\"article:modified_time\" content=\"2025-07-25T07:36:55+00:00\" \/>\n<meta property=\"og:image\" content=\"https:\/\/kolser.com\/wp-content\/uploads\/2021\/12\/48-251.jpg\" \/>\n\t<meta property=\"og:image:width\" content=\"600\" \/>\n\t<meta property=\"og:image:height\" content=\"600\" \/>\n\t<meta property=\"og:image:type\" content=\"image\/jpeg\" \/>\n<meta name=\"twitter:card\" content=\"summary_large_image\" \/>\n<meta name=\"twitter:label1\" content=\"Dur\u00e9e de lecture estim\u00e9e\" \/>\n\t<meta name=\"twitter:data1\" content=\"1 minute\" \/>\n<script type=\"application\/ld+json\" class=\"yoast-schema-graph\">{\"@context\":\"https:\\\/\\\/schema.org\",\"@graph\":[{\"@type\":\"WebPage\",\"@id\":\"https:\\\/\\\/kolser.com\\\/producto\\\/punal-granadino\\\/\",\"url\":\"https:\\\/\\\/kolser.com\\\/producto\\\/punal-granadino\\\/\",\"name\":\"\u25b7PU\u00d1AL GRANADINO - Kolser\",\"isPartOf\":{\"@id\":\"https:\\\/\\\/kolser.com\\\/#website\"},\"primaryImageOfPage\":{\"@id\":\"https:\\\/\\\/kolser.com\\\/producto\\\/punal-granadino\\\/#primaryimage\"},\"image\":{\"@id\":\"https:\\\/\\\/kolser.com\\\/producto\\\/punal-granadino\\\/#primaryimage\"},\"thumbnailUrl\":\"https:\\\/\\\/kolser.com\\\/wp-content\\\/uploads\\\/2021\\\/12\\\/48-251.jpg\",\"datePublished\":\"2021-12-11T09:12:55+00:00\",\"dateModified\":\"2025-07-25T07:36:55+00:00\",\"description\":\"\u2705 R\u00e9plica\u3010 PU\u00d1AL GRANADINO \u3011Evoca de cerca el damasquinado granadino representando guarda cerrada que abraza la hora. 24 cm largo.\",\"breadcrumb\":{\"@id\":\"https:\\\/\\\/kolser.com\\\/producto\\\/punal-granadino\\\/#breadcrumb\"},\"inLanguage\":\"fr-FR\",\"potentialAction\":[{\"@type\":\"ReadAction\",\"target\":[\"https:\\\/\\\/kolser.com\\\/producto\\\/punal-granadino\\\/\"]}]},{\"@type\":\"ImageObject\",\"inLanguage\":\"fr-FR\",\"@id\":\"https:\\\/\\\/kolser.com\\\/producto\\\/punal-granadino\\\/#primaryimage\",\"url\":\"https:\\\/\\\/kolser.com\\\/wp-content\\\/uploads\\\/2021\\\/12\\\/48-251.jpg\",\"contentUrl\":\"https:\\\/\\\/kolser.com\\\/wp-content\\\/uploads\\\/2021\\\/12\\\/48-251.jpg\",\"width\":600,\"height\":600,\"caption\":\"R\u00e9plica de pu\u00f1al granadino de 24 cm con empu\u00f1adura detallada de estilo morisco\"},{\"@type\":\"BreadcrumbList\",\"@id\":\"https:\\\/\\\/kolser.com\\\/producto\\\/punal-granadino\\\/#breadcrumb\",\"itemListElement\":[{\"@type\":\"ListItem\",\"position\":1,\"name\":\"Home\",\"item\":\"https:\\\/\\\/kolser.com\\\/\"},{\"@type\":\"ListItem\",\"position\":2,\"name\":\"Cat\u00e1logo\",\"item\":\"https:\\\/\\\/kolser.com\\\/catalogo\\\/\"},{\"@type\":\"ListItem\",\"position\":3,\"name\":\"Dagas y pu\u00f1ales\",\"item\":\"https:\\\/\\\/kolser.com\\\/categoria-producto\\\/dagas-y-punales\\\/\"},{\"@type\":\"ListItem\",\"position\":4,\"name\":\"PU\u00d1AL GRANADINO\"}]},{\"@type\":\"WebSite\",\"@id\":\"https:\\\/\\\/kolser.com\\\/#website\",\"url\":\"https:\\\/\\\/kolser.com\\\/\",\"name\":\"Kolser\",\"description\":\"\",\"publisher\":{\"@id\":\"https:\\\/\\\/kolser.com\\\/#organization\"},\"potentialAction\":[{\"@type\":\"SearchAction\",\"target\":{\"@type\":\"EntryPoint\",\"urlTemplate\":\"https:\\\/\\\/kolser.com\\\/?s={search_term_string}\"},\"query-input\":{\"@type\":\"PropertyValueSpecification\",\"valueRequired\":true,\"valueName\":\"search_term_string\"}}],\"inLanguage\":\"fr-FR\"},{\"@type\":\"Organization\",\"@id\":\"https:\\\/\\\/kolser.com\\\/#organization\",\"name\":\"Kolser\",\"url\":\"https:\\\/\\\/kolser.com\\\/\",\"logo\":{\"@type\":\"ImageObject\",\"inLanguage\":\"fr-FR\",\"@id\":\"https:\\\/\\\/kolser.com\\\/#\\\/schema\\\/logo\\\/image\\\/\",\"url\":\"https:\\\/\\\/kolser.com\\\/wp-content\\\/uploads\\\/2021\\\/11\\\/Logo-Cabecera.png\",\"contentUrl\":\"https:\\\/\\\/kolser.com\\\/wp-content\\\/uploads\\\/2021\\\/11\\\/Logo-Cabecera.png\",\"width\":979,\"height\":1358,\"caption\":\"Kolser\"},\"image\":{\"@id\":\"https:\\\/\\\/kolser.com\\\/#\\\/schema\\\/logo\\\/image\\\/\"}}]}<\/script>\n<!-- \/ Yoast SEO plugin. -->","yoast_head_json":{"title":"\u25b7PU\u00d1AL GRANADINO - Kolser","description":"\u2705 R\u00e9plica\u3010 PU\u00d1AL GRANADINO \u3011Evoca de cerca el damasquinado granadino representando guarda cerrada que abraza la hora. 24 cm largo.","robots":{"index":"index","follow":"follow","max-snippet":"max-snippet:-1","max-image-preview":"max-image-preview:large","max-video-preview":"max-video-preview:-1"},"canonical":"https:\/\/kolser.com\/fr\/produit\/punal-granadino\/","og_locale":"fr_FR","og_type":"article","og_title":"\u25b7PU\u00d1AL GRANADINO - Kolser","og_description":"\u2705 R\u00e9plica\u3010 PU\u00d1AL GRANADINO \u3011Evoca de cerca el damasquinado granadino representando guarda cerrada que abraza la hora. 24 cm largo.","og_url":"https:\/\/kolser.com\/fr\/produit\/punal-granadino\/","og_site_name":"Kolser","article_modified_time":"2025-07-25T07:36:55+00:00","og_image":[{"width":600,"height":600,"url":"https:\/\/kolser.com\/wp-content\/uploads\/2021\/12\/48-251.jpg","type":"image\/jpeg"}],"twitter_card":"summary_large_image","twitter_misc":{"Dur\u00e9e de lecture estim\u00e9e":"1 minute"},"schema":{"@context":"https:\/\/schema.org","@graph":[{"@type":"WebPage","@id":"https:\/\/kolser.com\/producto\/punal-granadino\/","url":"https:\/\/kolser.com\/producto\/punal-granadino\/","name":"\u25b7PU\u00d1AL GRANADINO - Kolser","isPartOf":{"@id":"https:\/\/kolser.com\/#website"},"primaryImageOfPage":{"@id":"https:\/\/kolser.com\/producto\/punal-granadino\/#primaryimage"},"image":{"@id":"https:\/\/kolser.com\/producto\/punal-granadino\/#primaryimage"},"thumbnailUrl":"https:\/\/kolser.com\/wp-content\/uploads\/2021\/12\/48-251.jpg","datePublished":"2021-12-11T09:12:55+00:00","dateModified":"2025-07-25T07:36:55+00:00","description":"\u2705 R\u00e9plica\u3010 PU\u00d1AL GRANADINO \u3011Evoca de cerca el damasquinado granadino representando guarda cerrada que abraza la hora. 24 cm largo.","breadcrumb":{"@id":"https:\/\/kolser.com\/producto\/punal-granadino\/#breadcrumb"},"inLanguage":"fr-FR","potentialAction":[{"@type":"ReadAction","target":["https:\/\/kolser.com\/producto\/punal-granadino\/"]}]},{"@type":"ImageObject","inLanguage":"fr-FR","@id":"https:\/\/kolser.com\/producto\/punal-granadino\/#primaryimage","url":"https:\/\/kolser.com\/wp-content\/uploads\/2021\/12\/48-251.jpg","contentUrl":"https:\/\/kolser.com\/wp-content\/uploads\/2021\/12\/48-251.jpg","width":600,"height":600,"caption":"R\u00e9plica de pu\u00f1al granadino de 24 cm con empu\u00f1adura detallada de estilo morisco"},{"@type":"BreadcrumbList","@id":"https:\/\/kolser.com\/producto\/punal-granadino\/#breadcrumb","itemListElement":[{"@type":"ListItem","position":1,"name":"Home","item":"https:\/\/kolser.com\/"},{"@type":"ListItem","position":2,"name":"Cat\u00e1logo","item":"https:\/\/kolser.com\/catalogo\/"},{"@type":"ListItem","position":3,"name":"Dagas y pu\u00f1ales","item":"https:\/\/kolser.com\/categoria-producto\/dagas-y-punales\/"},{"@type":"ListItem","position":4,"name":"PU\u00d1AL GRANADINO"}]},{"@type":"WebSite","@id":"https:\/\/kolser.com\/#website","url":"https:\/\/kolser.com\/","name":"Kolser","description":"","publisher":{"@id":"https:\/\/kolser.com\/#organization"},"potentialAction":[{"@type":"SearchAction","target":{"@type":"EntryPoint","urlTemplate":"https:\/\/kolser.com\/?s={search_term_string}"},"query-input":{"@type":"PropertyValueSpecification","valueRequired":true,"valueName":"search_term_string"}}],"inLanguage":"fr-FR"},{"@type":"Organization","@id":"https:\/\/kolser.com\/#organization","name":"Kolser","url":"https:\/\/kolser.com\/","logo":{"@type":"ImageObject","inLanguage":"fr-FR","@id":"https:\/\/kolser.com\/#\/schema\/logo\/image\/","url":"https:\/\/kolser.com\/wp-content\/uploads\/2021\/11\/Logo-Cabecera.png","contentUrl":"https:\/\/kolser.com\/wp-content\/uploads\/2021\/11\/Logo-Cabecera.png","width":979,"height":1358,"caption":"Kolser"},"image":{"@id":"https:\/\/kolser.com\/#\/schema\/logo\/image\/"}}]}},"_links":{"self":[{"href":"https:\/\/kolser.com\/fr\/wp-json\/wp\/v2\/product\/13533","targetHints":{"allow":["GET"]}}],"collection":[{"href":"https:\/\/kolser.com\/fr\/wp-json\/wp\/v2\/product"}],"about":[{"href":"https:\/\/kolser.com\/fr\/wp-json\/wp\/v2\/types\/product"}],"replies":[{"embeddable":true,"href":"https:\/\/kolser.com\/fr\/wp-json\/wp\/v2\/comments?post=13533"}],"wp:featuredmedia":[{"embeddable":true,"href":"https:\/\/kolser.com\/fr\/wp-json\/wp\/v2\/media\/14459"}],"wp:attachment":[{"href":"https:\/\/kolser.com\/fr\/wp-json\/wp\/v2\/media?parent=13533"}],"wp:term":[{"taxonomy":"product_brand","embeddable":true,"href":"https:\/\/kolser.com\/fr\/wp-json\/wp\/v2\/product_brand?post=13533"},{"taxonomy":"product_cat","embeddable":true,"href":"https:\/\/kolser.com\/fr\/wp-json\/wp\/v2\/product_cat?post=13533"},{"taxonomy":"product_tag","embeddable":true,"href":"https:\/\/kolser.com\/fr\/wp-json\/wp\/v2\/product_tag?post=13533"},{"taxonomy":"coleccion","embeddable":true,"href":"https:\/\/kolser.com\/fr\/wp-json\/wp\/v2\/coleccion?post=13533"},{"taxonomy":"proposito","embeddable":true,"href":"https:\/\/kolser.com\/fr\/wp-json\/wp\/v2\/proposito?post=13533"}],"curies":[{"name":"wp","href":"https:\/\/api.w.org\/{rel}","templated":true}]}}