{"id":13527,"date":"2021-12-11T09:12:54","date_gmt":"2021-12-11T09:12:54","guid":{"rendered":"https:\/\/kolser.com\/producto\/daga-alemana\/"},"modified":"2025-07-25T12:13:47","modified_gmt":"2025-07-25T10:13:47","slug":"daga-alemana","status":"publish","type":"product","link":"https:\/\/kolser.com\/fr\/producto\/daga-alemana\/","title":{"rendered":"DAGUE ALLEMANDE"},"content":{"rendered":"<p>23 cm<\/p>","protected":false},"excerpt":{"rendered":"<p>Kolser pr\u00e9sente cette \u00e9l\u00e9gante r\u00e9plique de dague inspir\u00e9e des mod\u00e8les utilis\u00e9s en Europe centrale aux XII\u1d49 et XIII\u1d49 si\u00e8cles. Avec sa lame plate et son nerf central grav\u00e9, cette pi\u00e8ce se distingue par ses reliefs d\u00e9taill\u00e9s, de la poign\u00e9e \u00e0 la garde, \u00e9voquant le style d\u00e9coratif des armes c\u00e9r\u00e9monielles de la noblesse du Saint-Empire romain germanique. Enti\u00e8rement fabriqu\u00e9e en m\u00e9tal, elle mesure 26 centim\u00e8tres et poss\u00e8de une finition vieillie qui accentue son caract\u00e8re historique.<\/p>","protected":false},"featured_media":14453,"comment_status":"closed","ping_status":"closed","template":"","meta":[],"product_brand":[],"product_cat":[33],"product_tag":[],"coleccion":[],"proposito":[],"class_list":{"0":"post-13527","1":"product","2":"type-product","3":"status-publish","4":"has-post-thumbnail","6":"product_cat-dagas-y-punales","8":"first","9":"instock","10":"shipping-taxable","11":"purchasable","12":"product-type-simple"},"yoast_head":"<!-- This site is optimized with the Yoast SEO plugin v27.4 - https:\/\/yoast.com\/product\/yoast-seo-wordpress\/ -->\n<title>\u25b7DAGA ALEMANA - Kolser<\/title>\n<meta name=\"description\" content=\"\u2705 R\u00e9plica\u3010 DAGA ALEMANA \u3011Una de las m\u00e1s utilizadas en la Europa septentrional durante los siglos XII y XIII. Utilizadas por Enrique de Suabia o Federico I.\" \/>\n<meta name=\"robots\" content=\"index, follow, max-snippet:-1, max-image-preview:large, max-video-preview:-1\" \/>\n<link rel=\"canonical\" href=\"https:\/\/kolser.com\/fr\/produit\/daga-alemana\/\" \/>\n<meta property=\"og:locale\" content=\"fr_FR\" \/>\n<meta property=\"og:type\" content=\"article\" \/>\n<meta property=\"og:title\" content=\"\u25b7DAGA ALEMANA - Kolser\" \/>\n<meta property=\"og:description\" content=\"\u2705 R\u00e9plica\u3010 DAGA ALEMANA \u3011Una de las m\u00e1s utilizadas en la Europa septentrional durante los siglos XII y XIII. Utilizadas por Enrique de Suabia o Federico I.\" \/>\n<meta property=\"og:url\" content=\"https:\/\/kolser.com\/fr\/produit\/daga-alemana\/\" \/>\n<meta property=\"og:site_name\" content=\"Kolser\" \/>\n<meta property=\"article:modified_time\" content=\"2025-07-25T10:13:47+00:00\" \/>\n<meta property=\"og:image\" content=\"https:\/\/kolser.com\/wp-content\/uploads\/2021\/12\/48-195.jpg\" \/>\n\t<meta property=\"og:image:width\" content=\"600\" \/>\n\t<meta property=\"og:image:height\" content=\"600\" \/>\n\t<meta property=\"og:image:type\" content=\"image\/jpeg\" \/>\n<meta name=\"twitter:card\" content=\"summary_large_image\" \/>\n<meta name=\"twitter:label1\" content=\"Dur\u00e9e de lecture estim\u00e9e\" \/>\n\t<meta name=\"twitter:data1\" content=\"1 minute\" \/>\n<script type=\"application\/ld+json\" class=\"yoast-schema-graph\">{\"@context\":\"https:\\\/\\\/schema.org\",\"@graph\":[{\"@type\":\"WebPage\",\"@id\":\"https:\\\/\\\/kolser.com\\\/producto\\\/daga-alemana\\\/\",\"url\":\"https:\\\/\\\/kolser.com\\\/producto\\\/daga-alemana\\\/\",\"name\":\"\u25b7DAGA ALEMANA - Kolser\",\"isPartOf\":{\"@id\":\"https:\\\/\\\/kolser.com\\\/#website\"},\"primaryImageOfPage\":{\"@id\":\"https:\\\/\\\/kolser.com\\\/producto\\\/daga-alemana\\\/#primaryimage\"},\"image\":{\"@id\":\"https:\\\/\\\/kolser.com\\\/producto\\\/daga-alemana\\\/#primaryimage\"},\"thumbnailUrl\":\"https:\\\/\\\/kolser.com\\\/wp-content\\\/uploads\\\/2021\\\/12\\\/48-195.jpg\",\"datePublished\":\"2021-12-11T09:12:54+00:00\",\"dateModified\":\"2025-07-25T10:13:47+00:00\",\"description\":\"\u2705 R\u00e9plica\u3010 DAGA ALEMANA \u3011Una de las m\u00e1s utilizadas en la Europa septentrional durante los siglos XII y XIII. Utilizadas por Enrique de Suabia o Federico I.\",\"breadcrumb\":{\"@id\":\"https:\\\/\\\/kolser.com\\\/producto\\\/daga-alemana\\\/#breadcrumb\"},\"inLanguage\":\"fr-FR\",\"potentialAction\":[{\"@type\":\"ReadAction\",\"target\":[\"https:\\\/\\\/kolser.com\\\/producto\\\/daga-alemana\\\/\"]}]},{\"@type\":\"ImageObject\",\"inLanguage\":\"fr-FR\",\"@id\":\"https:\\\/\\\/kolser.com\\\/producto\\\/daga-alemana\\\/#primaryimage\",\"url\":\"https:\\\/\\\/kolser.com\\\/wp-content\\\/uploads\\\/2021\\\/12\\\/48-195.jpg\",\"contentUrl\":\"https:\\\/\\\/kolser.com\\\/wp-content\\\/uploads\\\/2021\\\/12\\\/48-195.jpg\",\"width\":600,\"height\":600,\"caption\":\"R\u00e9plica de daga alemana de 26 cm con empu\u00f1adura plateada y detalles ornamentales\"},{\"@type\":\"BreadcrumbList\",\"@id\":\"https:\\\/\\\/kolser.com\\\/producto\\\/daga-alemana\\\/#breadcrumb\",\"itemListElement\":[{\"@type\":\"ListItem\",\"position\":1,\"name\":\"Home\",\"item\":\"https:\\\/\\\/kolser.com\\\/\"},{\"@type\":\"ListItem\",\"position\":2,\"name\":\"Cat\u00e1logo\",\"item\":\"https:\\\/\\\/kolser.com\\\/catalogo\\\/\"},{\"@type\":\"ListItem\",\"position\":3,\"name\":\"Dagas y pu\u00f1ales\",\"item\":\"https:\\\/\\\/kolser.com\\\/categoria-producto\\\/dagas-y-punales\\\/\"},{\"@type\":\"ListItem\",\"position\":4,\"name\":\"DAGA ALEMANA\"}]},{\"@type\":\"WebSite\",\"@id\":\"https:\\\/\\\/kolser.com\\\/#website\",\"url\":\"https:\\\/\\\/kolser.com\\\/\",\"name\":\"Kolser\",\"description\":\"\",\"publisher\":{\"@id\":\"https:\\\/\\\/kolser.com\\\/#organization\"},\"potentialAction\":[{\"@type\":\"SearchAction\",\"target\":{\"@type\":\"EntryPoint\",\"urlTemplate\":\"https:\\\/\\\/kolser.com\\\/?s={search_term_string}\"},\"query-input\":{\"@type\":\"PropertyValueSpecification\",\"valueRequired\":true,\"valueName\":\"search_term_string\"}}],\"inLanguage\":\"fr-FR\"},{\"@type\":\"Organization\",\"@id\":\"https:\\\/\\\/kolser.com\\\/#organization\",\"name\":\"Kolser\",\"url\":\"https:\\\/\\\/kolser.com\\\/\",\"logo\":{\"@type\":\"ImageObject\",\"inLanguage\":\"fr-FR\",\"@id\":\"https:\\\/\\\/kolser.com\\\/#\\\/schema\\\/logo\\\/image\\\/\",\"url\":\"https:\\\/\\\/kolser.com\\\/wp-content\\\/uploads\\\/2021\\\/11\\\/Logo-Cabecera.png\",\"contentUrl\":\"https:\\\/\\\/kolser.com\\\/wp-content\\\/uploads\\\/2021\\\/11\\\/Logo-Cabecera.png\",\"width\":979,\"height\":1358,\"caption\":\"Kolser\"},\"image\":{\"@id\":\"https:\\\/\\\/kolser.com\\\/#\\\/schema\\\/logo\\\/image\\\/\"}}]}<\/script>\n<!-- \/ Yoast SEO plugin. -->","yoast_head_json":{"title":"\u25b7DAGA ALEMANA - Kolser","description":"\u2705 R\u00e9plica\u3010 DAGA ALEMANA \u3011Una de las m\u00e1s utilizadas en la Europa septentrional durante los siglos XII y XIII. Utilizadas por Enrique de Suabia o Federico I.","robots":{"index":"index","follow":"follow","max-snippet":"max-snippet:-1","max-image-preview":"max-image-preview:large","max-video-preview":"max-video-preview:-1"},"canonical":"https:\/\/kolser.com\/fr\/produit\/daga-alemana\/","og_locale":"fr_FR","og_type":"article","og_title":"\u25b7DAGA ALEMANA - Kolser","og_description":"\u2705 R\u00e9plica\u3010 DAGA ALEMANA \u3011Una de las m\u00e1s utilizadas en la Europa septentrional durante los siglos XII y XIII. Utilizadas por Enrique de Suabia o Federico I.","og_url":"https:\/\/kolser.com\/fr\/produit\/daga-alemana\/","og_site_name":"Kolser","article_modified_time":"2025-07-25T10:13:47+00:00","og_image":[{"width":600,"height":600,"url":"https:\/\/kolser.com\/wp-content\/uploads\/2021\/12\/48-195.jpg","type":"image\/jpeg"}],"twitter_card":"summary_large_image","twitter_misc":{"Dur\u00e9e de lecture estim\u00e9e":"1 minute"},"schema":{"@context":"https:\/\/schema.org","@graph":[{"@type":"WebPage","@id":"https:\/\/kolser.com\/producto\/daga-alemana\/","url":"https:\/\/kolser.com\/producto\/daga-alemana\/","name":"\u25b7DAGA ALEMANA - Kolser","isPartOf":{"@id":"https:\/\/kolser.com\/#website"},"primaryImageOfPage":{"@id":"https:\/\/kolser.com\/producto\/daga-alemana\/#primaryimage"},"image":{"@id":"https:\/\/kolser.com\/producto\/daga-alemana\/#primaryimage"},"thumbnailUrl":"https:\/\/kolser.com\/wp-content\/uploads\/2021\/12\/48-195.jpg","datePublished":"2021-12-11T09:12:54+00:00","dateModified":"2025-07-25T10:13:47+00:00","description":"\u2705 R\u00e9plica\u3010 DAGA ALEMANA \u3011Una de las m\u00e1s utilizadas en la Europa septentrional durante los siglos XII y XIII. Utilizadas por Enrique de Suabia o Federico I.","breadcrumb":{"@id":"https:\/\/kolser.com\/producto\/daga-alemana\/#breadcrumb"},"inLanguage":"fr-FR","potentialAction":[{"@type":"ReadAction","target":["https:\/\/kolser.com\/producto\/daga-alemana\/"]}]},{"@type":"ImageObject","inLanguage":"fr-FR","@id":"https:\/\/kolser.com\/producto\/daga-alemana\/#primaryimage","url":"https:\/\/kolser.com\/wp-content\/uploads\/2021\/12\/48-195.jpg","contentUrl":"https:\/\/kolser.com\/wp-content\/uploads\/2021\/12\/48-195.jpg","width":600,"height":600,"caption":"R\u00e9plica de daga alemana de 26 cm con empu\u00f1adura plateada y detalles ornamentales"},{"@type":"BreadcrumbList","@id":"https:\/\/kolser.com\/producto\/daga-alemana\/#breadcrumb","itemListElement":[{"@type":"ListItem","position":1,"name":"Home","item":"https:\/\/kolser.com\/"},{"@type":"ListItem","position":2,"name":"Cat\u00e1logo","item":"https:\/\/kolser.com\/catalogo\/"},{"@type":"ListItem","position":3,"name":"Dagas y pu\u00f1ales","item":"https:\/\/kolser.com\/categoria-producto\/dagas-y-punales\/"},{"@type":"ListItem","position":4,"name":"DAGA ALEMANA"}]},{"@type":"WebSite","@id":"https:\/\/kolser.com\/#website","url":"https:\/\/kolser.com\/","name":"Kolser","description":"","publisher":{"@id":"https:\/\/kolser.com\/#organization"},"potentialAction":[{"@type":"SearchAction","target":{"@type":"EntryPoint","urlTemplate":"https:\/\/kolser.com\/?s={search_term_string}"},"query-input":{"@type":"PropertyValueSpecification","valueRequired":true,"valueName":"search_term_string"}}],"inLanguage":"fr-FR"},{"@type":"Organization","@id":"https:\/\/kolser.com\/#organization","name":"Kolser","url":"https:\/\/kolser.com\/","logo":{"@type":"ImageObject","inLanguage":"fr-FR","@id":"https:\/\/kolser.com\/#\/schema\/logo\/image\/","url":"https:\/\/kolser.com\/wp-content\/uploads\/2021\/11\/Logo-Cabecera.png","contentUrl":"https:\/\/kolser.com\/wp-content\/uploads\/2021\/11\/Logo-Cabecera.png","width":979,"height":1358,"caption":"Kolser"},"image":{"@id":"https:\/\/kolser.com\/#\/schema\/logo\/image\/"}}]}},"_links":{"self":[{"href":"https:\/\/kolser.com\/fr\/wp-json\/wp\/v2\/product\/13527","targetHints":{"allow":["GET"]}}],"collection":[{"href":"https:\/\/kolser.com\/fr\/wp-json\/wp\/v2\/product"}],"about":[{"href":"https:\/\/kolser.com\/fr\/wp-json\/wp\/v2\/types\/product"}],"replies":[{"embeddable":true,"href":"https:\/\/kolser.com\/fr\/wp-json\/wp\/v2\/comments?post=13527"}],"wp:featuredmedia":[{"embeddable":true,"href":"https:\/\/kolser.com\/fr\/wp-json\/wp\/v2\/media\/14453"}],"wp:attachment":[{"href":"https:\/\/kolser.com\/fr\/wp-json\/wp\/v2\/media?parent=13527"}],"wp:term":[{"taxonomy":"product_brand","embeddable":true,"href":"https:\/\/kolser.com\/fr\/wp-json\/wp\/v2\/product_brand?post=13527"},{"taxonomy":"product_cat","embeddable":true,"href":"https:\/\/kolser.com\/fr\/wp-json\/wp\/v2\/product_cat?post=13527"},{"taxonomy":"product_tag","embeddable":true,"href":"https:\/\/kolser.com\/fr\/wp-json\/wp\/v2\/product_tag?post=13527"},{"taxonomy":"coleccion","embeddable":true,"href":"https:\/\/kolser.com\/fr\/wp-json\/wp\/v2\/coleccion?post=13527"},{"taxonomy":"proposito","embeddable":true,"href":"https:\/\/kolser.com\/fr\/wp-json\/wp\/v2\/proposito?post=13527"}],"curies":[{"name":"wp","href":"https:\/\/api.w.org\/{rel}","templated":true}]}}